{"version":"1.0","provider_name":"Notizen aus dem M\u00fcnchner Stadtrat","provider_url":"https:\/\/anne-huebner.de\/wp","author_name":"Anne H\u00fcbner","author_url":"https:\/\/anne-huebner.de\/wp\/author\/wp_admin\/","title":"Und warum die #SPD w\u00e4hlen? - Notizen aus dem M\u00fcnchner Stadtrat","type":"rich","width":600,"height":338,"html":"<blockquote class=\"wp-embedded-content\" data-secret=\"27G08DaI7S\"><a href=\"https:\/\/anne-huebner.de\/wp\/2020\/03\/und-warum-die-spd-waehlen\/\">Und warum die #SPD w\u00e4hlen?<\/a><\/blockquote><iframe sandbox=\"allow-scripts\" security=\"restricted\" src=\"https:\/\/anne-huebner.de\/wp\/2020\/03\/und-warum-die-spd-waehlen\/embed\/#?secret=27G08DaI7S\" width=\"600\" height=\"338\" title=\"&#8222;Und warum die #SPD w\u00e4hlen?&#8220; &#8211; Notizen aus dem M\u00fcnchner Stadtrat\" data-secret=\"27G08DaI7S\" frameborder=\"0\" marginwidth=\"0\" marginheight=\"0\" scrolling=\"no\" class=\"wp-embedded-content\"><\/iframe><script type=\"text\/javascript\">\n\/* <![CDATA[ *\/\n\/*! This file is auto-generated *\/\n!function(d,l){\"use strict\";l.querySelector&&d.addEventListener&&\"undefined\"!=typeof URL&&(d.wp=d.wp||{},d.wp.receiveEmbedMessage||(d.wp.receiveEmbedMessage=function(e){var t=e.data;if((t||t.secret||t.message||t.value)&&!\/[^a-zA-Z0-9]\/.test(t.secret)){for(var s,r,n,a=l.querySelectorAll('iframe[data-secret=\"'+t.secret+'\"]'),o=l.querySelectorAll('blockquote[data-secret=\"'+t.secret+'\"]'),c=new RegExp(\"^https?:$\",\"i\"),i=0;i<o.length;i++)o[i].style.display=\"none\";for(i=0;i<a.length;i++)s=a[i],e.source===s.contentWindow&&(s.removeAttribute(\"style\"),\"height\"===t.message?(1e3<(r=parseInt(t.value,10))?r=1e3:~~r<200&&(r=200),s.height=r):\"link\"===t.message&&(r=new URL(s.getAttribute(\"src\")),n=new URL(t.value),c.test(n.protocol))&&n.host===r.host&&l.activeElement===s&&(d.top.location.href=t.value))}},d.addEventListener(\"message\",d.wp.receiveEmbedMessage,!1),l.addEventListener(\"DOMContentLoaded\",function(){for(var e,t,s=l.querySelectorAll(\"iframe.wp-embedded-content\"),r=0;r<s.length;r++)(t=(e=s[r]).getAttribute(\"data-secret\"))||(t=Math.random().toString(36).substring(2,12),e.src+=\"#?secret=\"+t,e.setAttribute(\"data-secret\",t)),e.contentWindow.postMessage({message:\"ready\",secret:t},\"*\")},!1)))}(window,document);\n\/* ]]> *\/\n<\/script>\n","description":"Schon wieder habe ich einige Zeit nichts geschrieben. Also hier nichts geschrieben. Denn ansonsten habe ich das Gef\u00fchl, permanent vor irgendwelchen Ger\u00e4ten zu sitzen, um meinem Gehirn irgendwas nicht v\u00f6llig Sinnfreies zu entlocken. Hier jedoch war es eine Weile ruhig. Aber das \u00e4ndert sich heute, denn ich komme nach einigen Folgen von #wenw\u00fcrdeannew\u00e4hlen zur entscheidenden Frage: Warum am 15.03.2020 die #SPD w\u00e4hlen? Ihr kennt mich ja inzwischen etwas. All die Jahre meine verzweifelten Kurz-vor-Mitternacht-Posts. Gerne nach Wahlniederlagen. Immer auf dem schmalen Grad zwischen Depression und Verzweiflung \u00fcber den Zustand der Sozialdemokratie. Nicht selten waren diese Einlassungen zu ehrlich, manchmal auch","thumbnail_url":"https:\/\/anne-huebner.de\/wp\/wp-content\/uploads\/2020\/03\/6766D504-237B-47B5-AE12-E647B1EDA537-768x1024.jpeg"}