{"version":"1.0","provider_name":"Notizen aus dem M\u00fcnchner Stadtrat","provider_url":"https:\/\/anne-huebner.de\/wp","author_name":"Anne H\u00fcbner","author_url":"https:\/\/anne-huebner.de\/wp\/author\/wp_admin\/","title":"Mal wieder ein paar Fotos - Notizen aus dem M\u00fcnchner Stadtrat","type":"rich","width":600,"height":338,"html":"<blockquote class=\"wp-embedded-content\" data-secret=\"S3iSEjj6dO\"><a href=\"https:\/\/anne-huebner.de\/wp\/2017\/11\/mal-wieder-ein-paar-fotos\/\">Mal wieder ein paar Fotos<\/a><\/blockquote><iframe sandbox=\"allow-scripts\" security=\"restricted\" src=\"https:\/\/anne-huebner.de\/wp\/2017\/11\/mal-wieder-ein-paar-fotos\/embed\/#?secret=S3iSEjj6dO\" width=\"600\" height=\"338\" title=\"&#8222;Mal wieder ein paar Fotos&#8220; &#8211; Notizen aus dem M\u00fcnchner Stadtrat\" data-secret=\"S3iSEjj6dO\" frameborder=\"0\" marginwidth=\"0\" marginheight=\"0\" scrolling=\"no\" class=\"wp-embedded-content\"><\/iframe><script type=\"text\/javascript\">\n\/* <![CDATA[ *\/\n\/*! This file is auto-generated *\/\n!function(d,l){\"use strict\";l.querySelector&&d.addEventListener&&\"undefined\"!=typeof URL&&(d.wp=d.wp||{},d.wp.receiveEmbedMessage||(d.wp.receiveEmbedMessage=function(e){var t=e.data;if((t||t.secret||t.message||t.value)&&!\/[^a-zA-Z0-9]\/.test(t.secret)){for(var s,r,n,a=l.querySelectorAll('iframe[data-secret=\"'+t.secret+'\"]'),o=l.querySelectorAll('blockquote[data-secret=\"'+t.secret+'\"]'),c=new RegExp(\"^https?:$\",\"i\"),i=0;i<o.length;i++)o[i].style.display=\"none\";for(i=0;i<a.length;i++)s=a[i],e.source===s.contentWindow&&(s.removeAttribute(\"style\"),\"height\"===t.message?(1e3<(r=parseInt(t.value,10))?r=1e3:~~r<200&&(r=200),s.height=r):\"link\"===t.message&&(r=new URL(s.getAttribute(\"src\")),n=new URL(t.value),c.test(n.protocol))&&n.host===r.host&&l.activeElement===s&&(d.top.location.href=t.value))}},d.addEventListener(\"message\",d.wp.receiveEmbedMessage,!1),l.addEventListener(\"DOMContentLoaded\",function(){for(var e,t,s=l.querySelectorAll(\"iframe.wp-embedded-content\"),r=0;r<s.length;r++)(t=(e=s[r]).getAttribute(\"data-secret\"))||(t=Math.random().toString(36).substring(2,12),e.src+=\"#?secret=\"+t,e.setAttribute(\"data-secret\",t)),e.contentWindow.postMessage({message:\"ready\",secret:t},\"*\")},!1)))}(window,document);\n\/* ]]> *\/\n<\/script>\n","description":"Mit unserer Bezirksausschuss-Vorsitzenden in Haidhausen, Adelheid Dietz-Will, anl\u00e4sslich 75 Jahren VdK. Mit meiner Kollegin im Stadtrat und im Mietervereins-Vorstand, Simone Burger, beim Richtfest f\u00fcr das neue MMV-Geb\u00e4ude in der Sonnenstra\u00dfe. Gemeinsam mit Marian Offman bei derselben Veranstaltung&#8230; Stadtratskollegin Beatrix Burkhardt und ich haben auf einem Benefiz-Turnier auf der M\u00fcnchner Spielwiesn reichlich Spa\u00df&#8230; Und zuletzt mit Fraktionskollege Jens R\u00f6ver bei der vorletzten Vollversammlung des Jahres am gestrigen Donnerstag.","thumbnail_url":"http:\/\/anne-huebner.de\/wp\/wp-content\/uploads\/2017\/11\/1C188838-8E94-470C-9E47-AF3ED8DA07FD.jpeg"}