{"version":"1.0","provider_name":"Notizen aus dem M\u00fcnchner Stadtrat","provider_url":"https:\/\/anne-huebner.de\/wp","author_name":"Anne H\u00fcbner","author_url":"https:\/\/anne-huebner.de\/wp\/author\/wp_admin\/","title":"Noch mehr Fotos... - Notizen aus dem M\u00fcnchner Stadtrat","type":"rich","width":600,"height":338,"html":"<blockquote class=\"wp-embedded-content\" data-secret=\"2lm71VIKF8\"><a href=\"https:\/\/anne-huebner.de\/wp\/2016\/11\/noch-mehr-fotos\/\">Noch mehr Fotos&#8230;<\/a><\/blockquote><iframe sandbox=\"allow-scripts\" security=\"restricted\" src=\"https:\/\/anne-huebner.de\/wp\/2016\/11\/noch-mehr-fotos\/embed\/#?secret=2lm71VIKF8\" width=\"600\" height=\"338\" title=\"&#8222;Noch mehr Fotos&#8230;&#8220; &#8211; Notizen aus dem M\u00fcnchner Stadtrat\" data-secret=\"2lm71VIKF8\" frameborder=\"0\" marginwidth=\"0\" marginheight=\"0\" scrolling=\"no\" class=\"wp-embedded-content\"><\/iframe><script type=\"text\/javascript\">\n\/* <![CDATA[ *\/\n\/*! This file is auto-generated *\/\n!function(d,l){\"use strict\";l.querySelector&&d.addEventListener&&\"undefined\"!=typeof URL&&(d.wp=d.wp||{},d.wp.receiveEmbedMessage||(d.wp.receiveEmbedMessage=function(e){var t=e.data;if((t||t.secret||t.message||t.value)&&!\/[^a-zA-Z0-9]\/.test(t.secret)){for(var s,r,n,a=l.querySelectorAll('iframe[data-secret=\"'+t.secret+'\"]'),o=l.querySelectorAll('blockquote[data-secret=\"'+t.secret+'\"]'),c=new RegExp(\"^https?:$\",\"i\"),i=0;i<o.length;i++)o[i].style.display=\"none\";for(i=0;i<a.length;i++)s=a[i],e.source===s.contentWindow&&(s.removeAttribute(\"style\"),\"height\"===t.message?(1e3<(r=parseInt(t.value,10))?r=1e3:~~r<200&&(r=200),s.height=r):\"link\"===t.message&&(r=new URL(s.getAttribute(\"src\")),n=new URL(t.value),c.test(n.protocol))&&n.host===r.host&&l.activeElement===s&&(d.top.location.href=t.value))}},d.addEventListener(\"message\",d.wp.receiveEmbedMessage,!1),l.addEventListener(\"DOMContentLoaded\",function(){for(var e,t,s=l.querySelectorAll(\"iframe.wp-embedded-content\"),r=0;r<s.length;r++)(t=(e=s[r]).getAttribute(\"data-secret\"))||(t=Math.random().toString(36).substring(2,12),e.src+=\"#?secret=\"+t,e.setAttribute(\"data-secret\",t)),e.contentWindow.postMessage({message:\"ready\",secret:t},\"*\")},!1)))}(window,document);\n\/* ]]> *\/\n<\/script>\n","description":"Mit Verena Dietl bei der Besichtigung des Caf\u00e9s im Haidpark, einer Werkst\u00e4tte f\u00fcr behinderte Menschen in Fr\u00f6ttmanning. Florian Post, Mitglied des Deutschen Bundestags, und ich bei DaSein e.V., einem M\u00fcnchner Hospizvereins. Bei der AWO-Afterwork-Party am 28.10. mit Gerhard Mayer, Markus Sch\u00f6n und Verena Dietl. Bayerischer Mietertag im Kloster Banz in Bad Staffelstein. Einen Tag nach der AWO-Party. Ich war m\u00fcde. Zum Gl\u00fcck heil wieder nach Hause gekommen. Am letzten Sonntag dann im Bayerischen Landtag. Waldemar-von-Knoeringen-Preis f\u00fcr Verena Bentele. Eine sehr sch\u00f6ne Veranstaltung, die ich gemeinsam mit Christian Vorl\u00e4nder besucht habe.","thumbnail_url":"http:\/\/anne-huebner.de\/wp\/wp-content\/uploads\/2016\/11\/IMG_5144.jpg"}