{"version":"1.0","provider_name":"Notizen aus dem M\u00fcnchner Stadtrat","provider_url":"https:\/\/anne-huebner.de\/wp","author_name":"Anne H\u00fcbner","author_url":"https:\/\/anne-huebner.de\/wp\/author\/wp_admin\/","title":"Keine Arbeitsmarktzulage f\u00fcr st\u00e4dtische Pflegekr\u00e4fte - warum? - Notizen aus dem M\u00fcnchner Stadtrat","type":"rich","width":600,"height":338,"html":"<blockquote class=\"wp-embedded-content\" data-secret=\"GvtLRLKGzI\"><a href=\"https:\/\/anne-huebner.de\/wp\/2015\/01\/arbeitsmarktzulage-fuer-pflegekraefte\/\">Keine Arbeitsmarktzulage f\u00fcr st\u00e4dtische Pflegekr\u00e4fte &#8211; warum?<\/a><\/blockquote><iframe sandbox=\"allow-scripts\" security=\"restricted\" src=\"https:\/\/anne-huebner.de\/wp\/2015\/01\/arbeitsmarktzulage-fuer-pflegekraefte\/embed\/#?secret=GvtLRLKGzI\" width=\"600\" height=\"338\" title=\"&#8222;Keine Arbeitsmarktzulage f\u00fcr st\u00e4dtische Pflegekr\u00e4fte &#8211; warum?&#8220; &#8211; Notizen aus dem M\u00fcnchner Stadtrat\" data-secret=\"GvtLRLKGzI\" frameborder=\"0\" marginwidth=\"0\" marginheight=\"0\" scrolling=\"no\" class=\"wp-embedded-content\"><\/iframe><script type=\"text\/javascript\">\n\/* <![CDATA[ *\/\n\/*! This file is auto-generated *\/\n!function(d,l){\"use strict\";l.querySelector&&d.addEventListener&&\"undefined\"!=typeof URL&&(d.wp=d.wp||{},d.wp.receiveEmbedMessage||(d.wp.receiveEmbedMessage=function(e){var t=e.data;if((t||t.secret||t.message||t.value)&&!\/[^a-zA-Z0-9]\/.test(t.secret)){for(var s,r,n,a=l.querySelectorAll('iframe[data-secret=\"'+t.secret+'\"]'),o=l.querySelectorAll('blockquote[data-secret=\"'+t.secret+'\"]'),c=new RegExp(\"^https?:$\",\"i\"),i=0;i<o.length;i++)o[i].style.display=\"none\";for(i=0;i<a.length;i++)s=a[i],e.source===s.contentWindow&&(s.removeAttribute(\"style\"),\"height\"===t.message?(1e3<(r=parseInt(t.value,10))?r=1e3:~~r<200&&(r=200),s.height=r):\"link\"===t.message&&(r=new URL(s.getAttribute(\"src\")),n=new URL(t.value),c.test(n.protocol))&&n.host===r.host&&l.activeElement===s&&(d.top.location.href=t.value))}},d.addEventListener(\"message\",d.wp.receiveEmbedMessage,!1),l.addEventListener(\"DOMContentLoaded\",function(){for(var e,t,s=l.querySelectorAll(\"iframe.wp-embedded-content\"),r=0;r<s.length;r++)(t=(e=s[r]).getAttribute(\"data-secret\"))||(t=Math.random().toString(36).substring(2,12),e.src+=\"#?secret=\"+t,e.setAttribute(\"data-secret\",t)),e.contentWindow.postMessage({message:\"ready\",secret:t},\"*\")},!1)))}(window,document);\n\/* ]]> *\/\n<\/script>\n","description":"Heute war Verwaltungs- und Personalausschuss. Der mir wichtigste Punkt auf der Tagesordnung war die Arbeitsmarktzulage f\u00fcr Pflegekr\u00e4fte. Die Gr\u00fcnen hatten diese per Antrag f\u00fcr die Besch\u00e4ftigten der st\u00e4dtischen T\u00f6chter M\u00fcnchenStift und St\u00e4dtisches Klinikum gefordert. Beschlossen haben wir, diese Zulage, die wir vor kurzem f\u00fcr die Erzieherinnen und Erzieher eingef\u00fchrt haben, f\u00fcr Pflegekr\u00e4fte der st\u00e4dtischen Unternehmen nicht einzuf\u00fchren. Mir ist es ein Anliegen, das auch hier zu begr\u00fcnden. Verdienen Pflegekr\u00e4fte zu wenig? Absolut. Ist das Gehaltsgef\u00e4lle zwischen Erzieherinnen und Pflegekr\u00e4ften zu gro\u00df? Ja. Ist die Arbeitsmarktzulage ein geeignetes Mittel, Pflegekr\u00e4fte besserzustellen? Nein. Auch nachdem ich selbst bei einem gro\u00dfen gemeinn\u00fctzigen Tr\u00e4ger"}